{"id":368,"date":"2018-10-11T09:12:18","date_gmt":"2018-10-11T08:12:18","guid":{"rendered":"http:\/\/fahr-rad-service.de\/?page_id=368"},"modified":"2018-10-14T07:58:42","modified_gmt":"2018-10-14T06:58:42","slug":"datenschutzerklaerung","status":"publish","type":"page","link":"https:\/\/fahr-rad-service.de\/?page_id=368","title":{"rendered":"Datenschutzerkl\u00e4rung"},"content":{"rendered":"<p><strong>Hinweise gem\u00e4\u00df Artikel 13 DSGVO<\/strong><\/p>\n<p>Ich Monika Klein m\u00f6chte an dieser Stelle meiner Hinweispflicht aus Artikel 13 DSGVO nachkommen und Sie dar\u00fcber informieren, was mit Ihren Daten passiert und welche Rechte Sie haben.<\/p>\n<p><strong>Verantwortlich f\u00fcr die Verarbeitung<\/strong><br \/>\nMonika Klein<br \/>\nHeino\u2019s Fahr-Rad-Service<br \/>\nAm Vogelberg 8<br \/>\n23775 Gro\u00dfenbrode<\/p>\n<p><strong>Zweck der Verarbeitung<\/strong><br \/>\nIch verarbeite die hier angegebenen Daten ausschlie\u00dflich zur Beantwortung Ihrer Anfrage. Ich beziehe mich dabei als Rechtsgrundlage der Verarbeitung auf den Artikel 6. Absatz 1 Buchstabe b DSGVO.<\/p>\n<p><strong>Weitergabe Ihrer Daten an Dritte<\/strong><br \/>\nDie von Ihnen hier eingegebenen Daten werden mir automatisch per E-Mail geschickt und somit an unseren E-Mailprovider weitergegeben, der unser Postfach hostet.<br \/>\nEs handelt sich hierbei um die Firma:<br \/>\n1&amp;1 Internet SE<br \/>\nElgendorfer Str. 57<br \/>\n56410 Montabau<br \/>\nEine weitere Weitergabe Ihrer Daten erfolgt nicht. Weder an dritte Parteien, noch an Drittl\u00e4nder oder internationale Organisationen.<\/p>\n<p><strong>Dauer Ihrer Speicherung<br \/>\n<\/strong>Ich speichere Ihre Daten nur f\u00fcr den Zeitraum der Zweckerf\u00fcllung. Das hei\u00dft, dass ich Ihre Daten nach Erf\u00fcllung unverz\u00fcglich l\u00f6sche.<\/p>\n<p><strong>Warum ben\u00f6tige ich Ihre Daten<\/strong>?<br \/>\nDie Erhebung Ihrer Daten ist notwendig, um Ihre Anfrage bearbeiten zu k\u00f6nnen. Sie stellen mir diese freiwillig bereit. Eine Nichtbereitstellung h\u00e4tte zur Folge, dass ich Ihre Anfrage nicht beantworten k\u00f6nnte.<\/p>\n<p><strong>Automatisierte Entscheidungsfindung und Profiling<\/strong><br \/>\nVon mir werden keinerlei automatisierten Entscheidungsfindungen oder Profilings bei dieser Verarbeitung Ihrer Daten eingesetzt.<\/p>\n<p>Sollten Sie weitere Fragen haben, z\u00f6gern Sie bitte nicht\u00a0<a href=\"https:\/\/fahr-rad-service.de\/?page_id=83\">Kontakt<\/a>\u00a0mit uns aufzunehmen.<\/p>\n","protected":false},"excerpt":{"rendered":"<p>Hinweise gem\u00e4\u00df Artikel 13 DSGVO Ich Monika Klein m\u00f6chte an dieser Stelle meiner Hinweispflicht aus Artikel 13 DSGVO nachkommen und Sie dar\u00fcber informieren, was mit Ihren Daten passiert und welche Rechte Sie haben. Verantwortlich f\u00fcr die Verarbeitung Monika Klein Heino\u2019s &hellip; <a href=\"https:\/\/fahr-rad-service.de\/?page_id=368\">Weiterlesen <span class=\"meta-nav\">&rarr;<\/span><\/a><\/p>\n","protected":false},"author":4,"featured_media":0,"parent":73,"menu_order":0,"comment_status":"closed","ping_status":"closed","template":"onecolumn-page.php","meta":{"footnotes":""},"class_list":["post-368","page","type-page","status-publish","hentry"],"_links":{"self":[{"href":"https:\/\/fahr-rad-service.de\/index.php?rest_route=\/wp\/v2\/pages\/368","targetHints":{"allow":["GET"]}}],"collection":[{"href":"https:\/\/fahr-rad-service.de\/index.php?rest_route=\/wp\/v2\/pages"}],"about":[{"href":"https:\/\/fahr-rad-service.de\/index.php?rest_route=\/wp\/v2\/types\/page"}],"author":[{"embeddable":true,"href":"https:\/\/fahr-rad-service.de\/index.php?rest_route=\/wp\/v2\/users\/4"}],"replies":[{"embeddable":true,"href":"https:\/\/fahr-rad-service.de\/index.php?rest_route=%2Fwp%2Fv2%2Fcomments&post=368"}],"version-history":[{"count":2,"href":"https:\/\/fahr-rad-service.de\/index.php?rest_route=\/wp\/v2\/pages\/368\/revisions"}],"predecessor-version":[{"id":371,"href":"https:\/\/fahr-rad-service.de\/index.php?rest_route=\/wp\/v2\/pages\/368\/revisions\/371"}],"up":[{"embeddable":true,"href":"https:\/\/fahr-rad-service.de\/index.php?rest_route=\/wp\/v2\/pages\/73"}],"wp:attachment":[{"href":"https:\/\/fahr-rad-service.de\/index.php?rest_route=%2Fwp%2Fv2%2Fmedia&parent=368"}],"curies":[{"name":"wp","href":"https:\/\/api.w.org\/{rel}","templated":true}]}}